{"id":5376,"date":"2021-09-01T21:53:33","date_gmt":"2021-09-02T00:53:33","guid":{"rendered":"https:\/\/ies5tello-juj.infd.edu.ar\/sitio\/?page_id=5376"},"modified":"2021-09-01T22:28:34","modified_gmt":"2021-09-02T01:28:34","slug":"obligatoriedad-de-vacunacion","status":"publish","type":"page","link":"https:\/\/ies5tello-juj.infd.edu.ar\/sitio\/obligatoriedad-de-vacunacion\/","title":{"rendered":"OBLIGATORIEDAD DE VACUNACI\u00d3N"},"content":{"rendered":"\n<p>A la Comunidad Educativa del Instituto de Educaci\u00f3n Superior N\u00ba 5 \u00abJos\u00e9 Eugenio Tello\u00bb, personal docente, personal no docente, personal de servicios generales y estudiantes, se da a conocer la CIRCULAR 04 ARH-2021 y la NOTA MULTIPLE N\u00ba 51-DES-21.<\/p>\n\n\n\n<p>Aclaraci\u00f3n: para asistir a clases presenciales los estudiantes deber\u00e1n estar munidos de fotocopia o constancia digital del carnet de vacunaci\u00f3n.<\/p>\n\n\n\n<figure class=\"wp-block-image size-large\"><img decoding=\"async\" loading=\"lazy\" width=\"932\" height=\"1280\" src=\"https:\/\/ies5tello-juj.infd.edu.ar\/sitio\/wp-content\/uploads\/2021\/09\/WhatsApp-Image-2021-09-01-at-19.50.07.jpeg\" alt=\"\" class=\"wp-image-5377\" srcset=\"https:\/\/ies5tello-juj.infd.edu.ar\/sitio\/wp-content\/uploads\/2021\/09\/WhatsApp-Image-2021-09-01-at-19.50.07.jpeg 932w, https:\/\/ies5tello-juj.infd.edu.ar\/sitio\/wp-content\/uploads\/2021\/09\/WhatsApp-Image-2021-09-01-at-19.50.07-728x1000.jpeg 728w, https:\/\/ies5tello-juj.infd.edu.ar\/sitio\/wp-content\/uploads\/2021\/09\/WhatsApp-Image-2021-09-01-at-19.50.07-768x1055.jpeg 768w\" sizes=\"(max-width: 932px) 100vw, 932px\" \/><\/figure>\n\n\n\n<figure class=\"wp-block-image size-large\"><img decoding=\"async\" loading=\"lazy\" width=\"1241\" height=\"1755\" src=\"https:\/\/ies5tello-juj.infd.edu.ar\/sitio\/wp-content\/uploads\/2021\/09\/Nota-multiple-51.jpg\" alt=\"\" class=\"wp-image-5378\" srcset=\"https:\/\/ies5tello-juj.infd.edu.ar\/sitio\/wp-content\/uploads\/2021\/09\/Nota-multiple-51.jpg 1241w, https:\/\/ies5tello-juj.infd.edu.ar\/sitio\/wp-content\/uploads\/2021\/09\/Nota-multiple-51-707x1000.jpg 707w, https:\/\/ies5tello-juj.infd.edu.ar\/sitio\/wp-content\/uploads\/2021\/09\/Nota-multiple-51-768x1086.jpg 768w, https:\/\/ies5tello-juj.infd.edu.ar\/sitio\/wp-content\/uploads\/2021\/09\/Nota-multiple-51-1086x1536.jpg 1086w\" sizes=\"(max-width: 1241px) 100vw, 1241px\" \/><\/figure>\n\n\n\n<p> <\/p>\n","protected":false},"excerpt":{"rendered":"<p>A la Comunidad Educativa del Instituto de Educaci\u00f3n Superior N\u00ba 5 \u00abJos\u00e9 Eugenio Tello\u00bb, personal docente, personal no docente, personal de servicios generales y estudiantes, se da a conocer la CIRCULAR 04 ARH-2021 y la NOTA MULTIPLE N\u00ba 51-DES-21. Aclaraci\u00f3n: para asistir a clases presenciales los estudiantes deber\u00e1n estar munidos de fotocopia o constancia digital &#8230; <a title=\"OBLIGATORIEDAD DE VACUNACI\u00d3N\" class=\"read-more\" href=\"https:\/\/ies5tello-juj.infd.edu.ar\/sitio\/obligatoriedad-de-vacunacion\/\" aria-label=\"More on OBLIGATORIEDAD DE VACUNACI\u00d3N\">[+]<\/a><\/p>\n","protected":false},"author":113,"featured_media":0,"parent":0,"menu_order":0,"comment_status":"closed","ping_status":"closed","template":"","meta":[],"acf":[],"_links":{"self":[{"href":"https:\/\/ies5tello-juj.infd.edu.ar\/sitio\/wp-json\/wp\/v2\/pages\/5376"}],"collection":[{"href":"https:\/\/ies5tello-juj.infd.edu.ar\/sitio\/wp-json\/wp\/v2\/pages"}],"about":[{"href":"https:\/\/ies5tello-juj.infd.edu.ar\/sitio\/wp-json\/wp\/v2\/types\/page"}],"author":[{"embeddable":true,"href":"https:\/\/ies5tello-juj.infd.edu.ar\/sitio\/wp-json\/wp\/v2\/users\/113"}],"replies":[{"embeddable":true,"href":"https:\/\/ies5tello-juj.infd.edu.ar\/sitio\/wp-json\/wp\/v2\/comments?post=5376"}],"version-history":[{"count":2,"href":"https:\/\/ies5tello-juj.infd.edu.ar\/sitio\/wp-json\/wp\/v2\/pages\/5376\/revisions"}],"predecessor-version":[{"id":5381,"href":"https:\/\/ies5tello-juj.infd.edu.ar\/sitio\/wp-json\/wp\/v2\/pages\/5376\/revisions\/5381"}],"wp:attachment":[{"href":"https:\/\/ies5tello-juj.infd.edu.ar\/sitio\/wp-json\/wp\/v2\/media?parent=5376"}],"curies":[{"name":"wp","href":"https:\/\/api.w.org\/{rel}","templated":true}]}}